{"id":884,"date":"2024-12-18T12:01:35","date_gmt":"2024-12-18T11:01:35","guid":{"rendered":"https:\/\/espace-inox.com\/?page_id=884"},"modified":"2024-12-18T12:01:35","modified_gmt":"2024-12-18T11:01:35","slug":"conditions-generales-de-ventes","status":"publish","type":"page","link":"https:\/\/espace-inox.com\/index.php\/conditions-generales-de-ventes\/","title":{"rendered":"Conditions G\u00e9n\u00e9rales de Ventes"},"content":{"rendered":"<p>[et_pb_section fb_built=\u00a0\u00bb1&Prime; _builder_version=\u00a0\u00bb4.27.4&Prime; _module_preset=\u00a0\u00bbdefault\u00a0\u00bb background_color=\u00a0\u00bb#161A31&Prime; background_enable_pattern_style=\u00a0\u00bbon\u00a0\u00bb background_pattern_style=\u00a0\u00bbpills\u00a0\u00bb background_pattern_color=\u00a0\u00bbrgba(0,0,0,0.07)\u00a0\u00bb custom_margin=\u00a0\u00bb-20px||-20px||true|false\u00a0\u00bb hover_enabled=\u00a0\u00bb0&Prime; global_colors_info=\u00a0\u00bb{}\u00a0\u00bb theme_builder_area=\u00a0\u00bbpost_content\u00a0\u00bb sticky_enabled=\u00a0\u00bb0&Prime;][et_pb_row _builder_version=\u00a0\u00bb4.27.4&Prime; _module_preset=\u00a0\u00bbdefault\u00a0\u00bb animation_style=\u00a0\u00bbfade\u00a0\u00bb hover_enabled=\u00a0\u00bb0&Prime; global_colors_info=\u00a0\u00bb{}\u00a0\u00bb theme_builder_area=\u00a0\u00bbpost_content\u00a0\u00bb sticky_enabled=\u00a0\u00bb0&Prime;][et_pb_column type=\u00a0\u00bb4_4&Prime; _builder_version=\u00a0\u00bb4.27.4&Prime; _module_preset=\u00a0\u00bbdefault\u00a0\u00bb global_colors_info=\u00a0\u00bb{}\u00a0\u00bb theme_builder_area=\u00a0\u00bbpost_content\u00a0\u00bb][et_pb_text _builder_version=\u00a0\u00bb4.27.4&Prime; _module_preset=\u00a0\u00bbf7f2953a-9827-45c0-a651-4c6fcbdce774&Prime; header_text_align=\u00a0\u00bbcenter\u00a0\u00bb header_text_color=\u00a0\u00bb#FFFFFF\u00a0\u00bb custom_margin=\u00a0\u00bb|||||false\u00a0\u00bb custom_padding=\u00a0\u00bb|17px||17px|false|true\u00a0\u00bb custom_padding_tablet=\u00a0\u00bb|17px||17px|false|true\u00a0\u00bb custom_padding_phone=\u00a0\u00bb|0px||0px|false|true\u00a0\u00bb custom_padding_last_edited=\u00a0\u00bbon|phone\u00a0\u00bb hover_enabled=\u00a0\u00bb0&Prime; header_font_size_phone=\u00a0\u00bb28px\u00a0\u00bb global_colors_info=\u00a0\u00bb{}\u00a0\u00bb theme_builder_area=\u00a0\u00bbpost_content\u00a0\u00bb sticky_enabled=\u00a0\u00bb0&Prime; header_font_size=\u00a0\u00bb50px\u00a0\u00bb]<\/p>\n<h1><span class=\"OYPEnA font-feature-liga-off font-feature-clig-off font-feature-calt-off text-decoration-none text-strikethrough-none\">CONDITIONS GENERALES DE VENTE <br \/><span style=\"color: #d53980;\">ESPACE INOX<\/span><\/span><\/h1>\n<p>[\/et_pb_text][\/et_pb_column][\/et_pb_row][\/et_pb_section][et_pb_section fb_built=\u00a0\u00bb1&Prime; theme_builder_area=\u00a0\u00bbpost_content\u00a0\u00bb _builder_version=\u00a0\u00bb4.27.4&Prime; _module_preset=\u00a0\u00bbdefault\u00a0\u00bb][et_pb_row _builder_version=\u00a0\u00bb4.27.4&Prime; _module_preset=\u00a0\u00bbdefault\u00a0\u00bb theme_builder_area=\u00a0\u00bbpost_content\u00a0\u00bb][et_pb_column _builder_version=\u00a0\u00bb4.27.4&Prime; _module_preset=\u00a0\u00bbdefault\u00a0\u00bb type=\u00a0\u00bb4_4&Prime; theme_builder_area=\u00a0\u00bbpost_content\u00a0\u00bb][et_pb_text _builder_version=\u00a0\u00bb4.27.4&Prime; _module_preset=\u00a0\u00bbdefault\u00a0\u00bb theme_builder_area=\u00a0\u00bbpost_content\u00a0\u00bb hover_enabled=\u00a0\u00bb0&Prime; sticky_enabled=\u00a0\u00bb0&Prime; text_font=\u00a0\u00bbMulish||||||||\u00a0\u00bb text_line_height=\u00a0\u00bb1.8em\u00a0\u00bb text_text_color=\u00a0\u00bb#161A31&Prime;]<\/p>\n<p><strong><span class=\"OYPEnA font-feature-liga-off font-feature-clig-off font-feature-calt-off text-decoration-none text-strikethrough-none\">1-COMMANDES<\/span><\/strong><\/p>\n<p class=\"cvGsUA direction-ltr align-start para-style-body\"><span class=\"OYPEnA font-feature-liga-off font-feature-clig-off font-feature-calt-off text-decoration-none text-strikethrough-none\">Sauf d\u00e9rogation \u00e9crite de notre part, toute commande emporte de plein droit l&rsquo;adh\u00e9sion sans r\u00e9serve de l&rsquo;acheteur \u00e0 nos conditions et sa <\/span><span class=\"OYPEnA font-feature-liga-off font-feature-clig-off font-feature-calt-off text-decoration-none text-strikethrough-none\">renonciation \u00e0 toutes les stipulations qui pourraient \u00eatre imprim\u00e9es sur ses commandes ou sa correspondance.<\/span><\/p>\n<p class=\"cvGsUA direction-ltr align-start para-style-body\"><span class=\"OYPEnA font-feature-liga-off font-feature-clig-off font-feature-calt-off text-decoration-none text-strikethrough-none\">Toute commande doit \u00eatre faite par \u00e9crit, soit par bordereau, soit par t\u00e9l\u00e9copie, soit sur simple papier \u00e0 en-t\u00eate, soit \u00e0 partir de nos propres <\/span><span class=\"OYPEnA font-feature-liga-off font-feature-clig-off font-feature-calt-off text-decoration-none text-strikethrough-none\">documents. Les noms et qualit\u00e9 du donneur d&rsquo;ordre devront \u00eatre suivis de sa signature ainsi que du cachet de la Soci\u00e9t\u00e9.<\/span><\/p>\n<p>[\/et_pb_text][et_pb_text _builder_version=\u00a0\u00bb4.27.4&Prime; _module_preset=\u00a0\u00bbdefault\u00a0\u00bb theme_builder_area=\u00a0\u00bbpost_content\u00a0\u00bb hover_enabled=\u00a0\u00bb0&Prime; sticky_enabled=\u00a0\u00bb0&Prime; text_font=\u00a0\u00bbMulish||||||||\u00a0\u00bb text_line_height=\u00a0\u00bb1.8em\u00a0\u00bb text_text_color=\u00a0\u00bb#161A31&Prime;]<\/p>\n<p><strong><span class=\"OYPEnA font-feature-liga-off font-feature-clig-off font-feature-calt-off text-decoration-none text-strikethrough-none\">2-DELAIS DE LIVRAISON<\/span><\/strong><\/p>\n<p class=\"cvGsUA direction-ltr align-start para-style-body\"><span class=\"OYPEnA font-feature-liga-off font-feature-clig-off font-feature-calt-off text-decoration-none text-strikethrough-none\">Nos d\u00e9lais de livraison sont donn\u00e9s \u00e0 titre indicatif et sauf acceptation par notre Soci\u00e9t\u00e9, les retards ne peuvent en aucun cas justifier <\/span><span class=\"OYPEnA font-feature-liga-off font-feature-clig-off font-feature-calt-off text-decoration-none text-strikethrough-none\">l&rsquo;annulation de la commande par l&rsquo;acheteur ni donner lieu \u00e0 des dommages et int\u00e9r\u00eats.<\/span><\/p>\n<p class=\"cvGsUA direction-ltr align-start para-style-body\"><span class=\"OYPEnA font-feature-liga-off font-feature-clig-off font-feature-calt-off text-decoration-none text-strikethrough-none\">Nous sommes notamment d\u00e9li\u00e9s de toute obligation en cas de survenance de cas fortuits ou de force majeure emp\u00eachant soit la fabrication, <\/span><span class=\"OYPEnA font-feature-liga-off font-feature-clig-off font-feature-calt-off text-decoration-none text-strikethrough-none\">soit l&rsquo;exp\u00e9dition.<\/span><\/p>\n<p class=\"cvGsUA direction-ltr align-start para-style-body\"><span class=\"OYPEnA font-feature-liga-off font-feature-clig-off font-feature-calt-off text-decoration-none text-strikethrough-none\">Sont consid\u00e9r\u00e9s comme cas de force majeure notamment les gr\u00e8ves, incendies, inondations, accidents graves de mat\u00e9riel ou d&rsquo;outillage, les <\/span><span class=\"OYPEnA font-feature-liga-off font-feature-clig-off font-feature-calt-off text-decoration-none text-strikethrough-none\">guerres, \u00e9pid\u00e9mies, interruptions de transports.<\/span><\/p>\n<p class=\"cvGsUA direction-ltr align-start para-style-body\"><span class=\"OYPEnA font-feature-liga-off font-feature-clig-off font-feature-calt-off text-decoration-none text-strikethrough-none\"><\/span><\/p>\n<p>[\/et_pb_text][et_pb_text _builder_version=\u00a0\u00bb4.27.4&Prime; _module_preset=\u00a0\u00bbdefault\u00a0\u00bb theme_builder_area=\u00a0\u00bbpost_content\u00a0\u00bb hover_enabled=\u00a0\u00bb0&Prime; sticky_enabled=\u00a0\u00bb0&Prime; text_font=\u00a0\u00bbMulish||||||||\u00a0\u00bb text_line_height=\u00a0\u00bb1.8em\u00a0\u00bb text_text_color=\u00a0\u00bb#161A31&Prime;]<\/p>\n<p><strong><span class=\"OYPEnA font-feature-liga-off font-feature-clig-off font-feature-calt-off text-decoration-none text-strikethrough-none\">3- PRIX<\/span><\/strong><\/p>\n<p class=\"cvGsUA direction-ltr align-start para-style-body\"><span class=\"OYPEnA font-feature-liga-off font-feature-clig-off font-feature-calt-off text-decoration-none text-strikethrough-none\">Nos prix ne sont fermes que pour les livraisons imm\u00e9diates et de stock. Ils peuvent \u00eatre recalcul\u00e9s en fonction des cours des mati\u00e8res <\/span><span class=\"OYPEnA font-feature-liga-off font-feature-clig-off font-feature-calt-off text-decoration-none text-strikethrough-none\">premi\u00e8res si un d\u00e9lai est n\u00e9cessaire.<\/span><\/p>\n<p class=\"cvGsUA direction-ltr align-start para-style-body\"><span class=\"OYPEnA font-feature-liga-off font-feature-clig-off font-feature-calt-off text-decoration-none text-strikethrough-none\"><\/span><\/p>\n<p>[\/et_pb_text][et_pb_text _builder_version=\u00a0\u00bb4.27.4&Prime; _module_preset=\u00a0\u00bbdefault\u00a0\u00bb theme_builder_area=\u00a0\u00bbpost_content\u00a0\u00bb hover_enabled=\u00a0\u00bb0&Prime; sticky_enabled=\u00a0\u00bb0&Prime; text_font=\u00a0\u00bbMulish||||||||\u00a0\u00bb text_line_height=\u00a0\u00bb1.8em\u00a0\u00bb text_text_color=\u00a0\u00bb#161A31&Prime;]<\/p>\n<p><strong><span class=\"OYPEnA font-feature-liga-off font-feature-clig-off font-feature-calt-off text-decoration-none text-strikethrough-none\">4- LIVRAISONS<\/span><\/strong><\/p>\n<p class=\"cvGsUA direction-ltr align-start para-style-body\"><span class=\"OYPEnA font-feature-liga-off font-feature-clig-off font-feature-calt-off text-decoration-none text-strikethrough-none\">Toute livraison est \u00e0 la charge du client quels qu&rsquo;en soient la nature et le montant, m\u00eame en cas de retard dans les d\u00e9lais pr\u00e9vus.<\/span><\/p>\n<p class=\"cvGsUA direction-ltr align-start para-style-body\"><span class=\"OYPEnA font-feature-liga-off font-feature-clig-off font-feature-calt-off text-decoration-none text-strikethrough-none\">Toute marchandise, m\u00eame exp\u00e9di\u00e9e franco, voyage aux risques et p\u00e9rils du destinataire qui doit exercer son recours contre le transporteur en <\/span><span class=\"OYPEnA font-feature-liga-off font-feature-clig-off font-feature-calt-off text-decoration-none text-strikethrough-none\">cas de manquant, perte, avarie ou retard.<\/span><\/p>\n<p class=\"cvGsUA direction-ltr align-start para-style-body\"><span class=\"OYPEnA font-feature-liga-off font-feature-clig-off font-feature-calt-off text-decoration-none text-strikethrough-none\">Le r\u00e9ceptionnaire doit v\u00e9rifier la qualit\u00e9, la quantit\u00e9, le poids, et les dimensions des marchandises livr\u00e9es et des r\u00e9serves doivent \u00eatre <\/span><span class=\"OYPEnA font-feature-liga-off font-feature-clig-off font-feature-calt-off text-decoration-none text-strikethrough-none\">appos\u00e9es sur le bon de livraison, contresign\u00e9 par le transporteur ou son pr\u00e9pos\u00e9.<\/span><\/p>\n<p class=\"cvGsUA direction-ltr align-start para-style-body\"><span class=\"OYPEnA font-feature-liga-off font-feature-clig-off font-feature-calt-off text-decoration-none text-strikethrough-none\">Ces r\u00e9serves doivent \u00eatre confirm\u00e9es par lettre recommand\u00e9e au transporteur dans les trois jours qui suivent celui de la r\u00e9ception (non <\/span><span class=\"OYPEnA font-feature-liga-off font-feature-clig-off font-feature-calt-off text-decoration-none text-strikethrough-none\">compris les jours f\u00e9ri\u00e9s). Article 105 du Code de Commerce.<\/span><\/p>\n<p class=\"cvGsUA direction-ltr align-start para-style-body\"><span class=\"OYPEnA font-feature-liga-off font-feature-clig-off font-feature-calt-off text-decoration-none text-strikethrough-none\">Au cas o\u00f9 les formalit\u00e9s n&rsquo;auraient pas \u00e9t\u00e9 accomplies, la Soci\u00e9t\u00e9 ne pourra, en aucun cas, envisager un d\u00e9dommagement, m\u00eame partiel, du <\/span><span class=\"OYPEnA font-feature-liga-off font-feature-clig-off font-feature-calt-off text-decoration-none text-strikethrough-none\">destinataire.<\/span><\/p>\n<p class=\"cvGsUA direction-ltr align-start para-style-body\"><span class=\"OYPEnA font-feature-liga-off font-feature-clig-off font-feature-calt-off text-decoration-none text-strikethrough-none\">Toute demande de reprise de marchandise devra avoir \u00e9t\u00e9 accept\u00e9e par \u00e9crit par ESPACE INOX qui appliquera de mani\u00e8re forfaitaire une <\/span><span class=\"OYPEnA font-feature-liga-off font-feature-clig-off font-feature-calt-off text-decoration-none text-strikethrough-none\">minoration de 25 % sur la valeur de facturation des produits repris. Cette minoration s&rsquo;entend pour des produits effectivement vendus par <\/span><span class=\"OYPEnA font-feature-liga-off font-feature-clig-off font-feature-calt-off text-decoration-none text-strikethrough-none\">ESPACE INOX dont l&rsquo;\u00e9tat, le conditionnement et la valeur marchande des produits concern\u00e9s la justifierait. ESPACE INOX se r\u00e9serve le <\/span><span class=\"OYPEnA font-feature-liga-off font-feature-clig-off font-feature-calt-off text-decoration-none text-strikethrough-none\">droit, \u00e0 son choix, d&rsquo;appliquer une minoration sup\u00e9rieure ou de ne pas proc\u00e9der \u00e0 la reprise des produits.<\/span><\/p>\n<p class=\"cvGsUA direction-ltr align-start para-style-body\"><span class=\"OYPEnA font-feature-liga-off font-feature-clig-off font-feature-calt-off text-decoration-none text-strikethrough-none\">En toute hypoth\u00e8se, les \u00e9ventuels frais \u00e0 la reprise des marchandises (frais de transport, taxes,&#8230;) seront \u00e0 la charge du client.<\/span><\/p>\n<p>[\/et_pb_text][et_pb_text _builder_version=\u00a0\u00bb4.27.4&Prime; _module_preset=\u00a0\u00bbdefault\u00a0\u00bb theme_builder_area=\u00a0\u00bbpost_content\u00a0\u00bb hover_enabled=\u00a0\u00bb0&Prime; sticky_enabled=\u00a0\u00bb0&Prime; text_font=\u00a0\u00bbMulish||||||||\u00a0\u00bb text_line_height=\u00a0\u00bb1.8em\u00a0\u00bb text_text_color=\u00a0\u00bb#161A31&Prime;]<\/p>\n<p><strong><span class=\"OYPEnA font-feature-liga-off font-feature-clig-off font-feature-calt-off text-decoration-none text-strikethrough-none\">5- GARANTIE<\/span><\/strong><\/p>\n<p class=\"cvGsUA direction-ltr align-start para-style-body\"><span class=\"OYPEnA font-feature-liga-off font-feature-clig-off font-feature-calt-off text-decoration-none text-strikethrough-none\">Toute marchandise d\u00e9fectueuse devra faire l&rsquo;objet d&rsquo;une r\u00e9clamation par \u00e9crit dans la limite d&rsquo;un mois apr\u00e8s la livraison.<\/span><\/p>\n<p class=\"cvGsUA direction-ltr align-start para-style-body\"><span class=\"OYPEnA font-feature-liga-off font-feature-clig-off font-feature-calt-off text-decoration-none text-strikethrough-none\">Notre responsabilit\u00e9 ne saurait \u00eatre engag\u00e9e que sur la non-conformit\u00e9 des biens livr\u00e9s et non \u00e0 leur utilisation ult\u00e9rieure.<\/span><\/p>\n<p class=\"cvGsUA direction-ltr align-start para-style-body\"><span class=\"OYPEnA font-feature-liga-off font-feature-clig-off font-feature-calt-off text-decoration-none text-strikethrough-none\">Si la r\u00e9clamation est justifi\u00e9e, les marchandises non conformes seront remplac\u00e9es. En aucun cas, la non-conformit\u00e9 des biens livr\u00e9s ne pourra <\/span><span class=\"OYPEnA font-feature-liga-off font-feature-clig-off font-feature-calt-off text-decoration-none text-strikethrough-none\">donner lieu \u00e0 remboursement ou d\u00e9dommagement.<\/span><\/p>\n<p>[\/et_pb_text][et_pb_text _builder_version=\u00a0\u00bb4.27.4&Prime; _module_preset=\u00a0\u00bbdefault\u00a0\u00bb theme_builder_area=\u00a0\u00bbpost_content\u00a0\u00bb hover_enabled=\u00a0\u00bb0&Prime; sticky_enabled=\u00a0\u00bb0&Prime; text_font=\u00a0\u00bbMulish||||||||\u00a0\u00bb text_line_height=\u00a0\u00bb1.8em\u00a0\u00bb text_text_color=\u00a0\u00bb#161A31&Prime;]<\/p>\n<p><strong><span class=\"OYPEnA font-feature-liga-off font-feature-clig-off font-feature-calt-off text-decoration-none text-strikethrough-none\">6- CONDITIONS DE PAIEMENT<\/span><\/strong><\/p>\n<p class=\"cvGsUA direction-ltr align-start para-style-body\"><span class=\"OYPEnA font-feature-liga-off font-feature-clig-off font-feature-calt-off text-decoration-none text-strikethrough-none\">Les marchandises vendues sont payables au Si\u00e8ge Social d&rsquo;ESPACE INOX sans que nos traites ou autre moyen de paiement n&rsquo;op\u00e8rent ni <\/span><span class=\"OYPEnA font-feature-liga-off font-feature-clig-off font-feature-calt-off text-decoration-none text-strikethrough-none\">novation, ni d\u00e9rogation.<\/span><\/p>\n<p class=\"cvGsUA direction-ltr align-start para-style-body\"><span class=\"OYPEnA font-feature-liga-off font-feature-clig-off font-feature-calt-off text-decoration-none text-strikethrough-none\">Sauf convention contraire et par \u00e9crit, nos factures sont payables dans les 30 jours qui suivent leur date d&rsquo;\u00e9mission.<\/span><\/p>\n<p class=\"cvGsUA direction-ltr align-start para-style-body\"><span class=\"OYPEnA font-feature-liga-off font-feature-clig-off font-feature-calt-off text-decoration-none text-strikethrough-none\">Dans le cas d&rsquo;un r\u00e8glement comptant ou anticip\u00e9 sous quelque forme que ce soit et quelle qu&rsquo;en soit la raison, la soci\u00e9t\u00e9 ESPACE INOX <\/span><span class=\"OYPEnA font-feature-liga-off font-feature-clig-off font-feature-calt-off text-decoration-none text-strikethrough-none\">acceptera un escompte de 0,5 % en cas de paiement anticip\u00e9 par tranche de 30 Jours.<\/span><\/p>\n<p class=\"cvGsUA direction-ltr align-start para-style-body\"><span class=\"OYPEnA font-feature-liga-off font-feature-clig-off font-feature-calt-off text-decoration-none text-strikethrough-none\">Le d\u00e9faut de paiement d&rsquo;une seule traite ou d&rsquo;une seule facture \u00e0 son \u00e9ch\u00e9ance entra\u00eene d\u00e9ch\u00e9ance du terme et rend imm\u00e9diatement exigible <\/span><span class=\"OYPEnA font-feature-liga-off font-feature-clig-off font-feature-calt-off text-decoration-none text-strikethrough-none\">toutes les cr\u00e9ances de notre soci\u00e9t\u00e9 m\u00eame non \u00e9chues.<\/span><\/p>\n<p class=\"cvGsUA direction-ltr align-start para-style-body\"><span class=\"OYPEnA font-feature-liga-off font-feature-clig-off font-feature-calt-off text-decoration-none text-strikethrough-none\">En cas de retard de paiement et conform\u00e9ment aux articles L441-6 et D441-5 du Code du Commerce, les sommes dues porteront int\u00e9r\u00eat \u00e0 un <\/span><span class=\"OYPEnA font-feature-liga-off font-feature-clig-off font-feature-calt-off text-decoration-none text-strikethrough-none\">taux l\u00e9gal \u00e0 trois fois le taux de l&rsquo;int\u00e9r\u00eat l\u00e9gal et il sera appliqu\u00e9 une indemnit\u00e9 forfaitaire pour frais de recouvrement de 40 Euros.<\/span><\/p>\n<p class=\"cvGsUA direction-ltr align-start para-style-body\"><span class=\"OYPEnA font-feature-liga-off font-feature-clig-off font-feature-calt-off text-decoration-none text-strikethrough-none\">En cas de d\u00e9faut de paiement, une mise en demeure par lettre recommand\u00e9e avec AR sera effectu\u00e9e, rest\u00e9e sans effet, ESPACE INOX <\/span><span class=\"OYPEnA font-feature-liga-off font-feature-clig-off font-feature-calt-off text-decoration-none text-strikethrough-none\">pourra engager une action en recouvrement.<\/span><\/p>\n<p class=\"cvGsUA direction-ltr align-start para-style-body\"><span class=\"OYPEnA font-feature-liga-off font-feature-clig-off font-feature-calt-off text-decoration-none text-strikethrough-none\">Lorsque le cr\u00e9dit de l&rsquo;acheteur se d\u00e9t\u00e9riore, nous nous r\u00e9servons le droit, m\u00eame apr\u00e8s exp\u00e9dition partielle d&rsquo;une commande, d&rsquo;exiger de <\/span><span class=\"OYPEnA font-feature-liga-off font-feature-clig-off font-feature-calt-off text-decoration-none text-strikethrough-none\">l&rsquo;acheteur les garanties que nous jugerons convenables en vue de la bonne ex\u00e9cution des engagements pris. Le refus d&rsquo;y satisfaire nous <\/span><span class=\"OYPEnA font-feature-liga-off font-feature-clig-off font-feature-calt-off text-decoration-none text-strikethrough-none\">donne le droit d&rsquo;annuler tout ou une partie du march\u00e9.<\/span><\/p>\n<p class=\"cvGsUA direction-ltr align-start para-style-body\"><span class=\"OYPEnA font-feature-liga-off font-feature-clig-off font-feature-calt-off text-decoration-none text-strikethrough-none\">Tout retard de paiement de plus de 30 jours entra\u00eene d&rsquo;office l&rsquo;arr\u00eat des exp\u00e9ditions.<\/span><\/p>\n<p>[\/et_pb_text][et_pb_text _builder_version=\u00a0\u00bb4.27.4&Prime; _module_preset=\u00a0\u00bbdefault\u00a0\u00bb theme_builder_area=\u00a0\u00bbpost_content\u00a0\u00bb hover_enabled=\u00a0\u00bb0&Prime; sticky_enabled=\u00a0\u00bb0&Prime; text_font=\u00a0\u00bbMulish||||||||\u00a0\u00bb text_line_height=\u00a0\u00bb1.8em\u00a0\u00bb text_text_color=\u00a0\u00bb#161A31&Prime;]<\/p>\n<p><strong><span class=\"OYPEnA font-feature-liga-off font-feature-clig-off font-feature-calt-off text-decoration-none text-strikethrough-none\">7- RESERVE DE PROPRIETE<\/span><\/strong><\/p>\n<p class=\"cvGsUA direction-ltr align-start para-style-body\"><span class=\"OYPEnA font-feature-liga-off font-feature-clig-off font-feature-calt-off text-decoration-none text-strikethrough-none\">Le transfert de propri\u00e9t\u00e9 s&rsquo;effectue au moment du r\u00e8glement de la derni\u00e8re \u00e9ch\u00e9ance. Nous conservons l&rsquo;enti\u00e8re propri\u00e9t\u00e9 des biens livr\u00e9s et <\/span><span class=\"OYPEnA font-feature-liga-off font-feature-clig-off font-feature-calt-off text-decoration-none text-strikethrough-none\">des marchandises qui pourraient d\u00e9couler de leur utilisation jusqu&rsquo;\u00e0 complet r\u00e8glement du prix factur\u00e9.<\/span><\/p>\n<p class=\"cvGsUA direction-ltr align-start para-style-body\"><span class=\"OYPEnA font-feature-liga-off font-feature-clig-off font-feature-calt-off text-decoration-none text-strikethrough-none\">Loi du 12 Mai 1980 N\u00b0 80 335 et Article 121 alin\u00e9a de la loi n\u00b0 85-98 du 25 janvier 1985.<\/span><\/p>\n<p>[\/et_pb_text][et_pb_text _builder_version=\u00a0\u00bb4.27.4&Prime; _module_preset=\u00a0\u00bbdefault\u00a0\u00bb theme_builder_area=\u00a0\u00bbpost_content\u00a0\u00bb hover_enabled=\u00a0\u00bb0&Prime; sticky_enabled=\u00a0\u00bb0&Prime; text_font=\u00a0\u00bbMulish||||||||\u00a0\u00bb text_line_height=\u00a0\u00bb1.8em\u00a0\u00bb text_text_color=\u00a0\u00bb#161A31&Prime;]<\/p>\n<p><strong><span class=\"OYPEnA font-feature-liga-off font-feature-clig-off font-feature-calt-off text-decoration-none text-strikethrough-none\">8- JURIDICTION<\/span><\/strong><\/p>\n<p class=\"cvGsUA direction-ltr align-start para-style-body\"><span class=\"OYPEnA font-feature-liga-off font-feature-clig-off font-feature-calt-off text-decoration-none text-strikethrough-none\">En cas de contestation, seuls les tribunaux de Nancy sont comp\u00e9tents.<\/span><\/p>\n<p class=\"cvGsUA direction-ltr align-start para-style-body\"><span class=\"OYPEnA font-feature-liga-off font-feature-clig-off font-feature-calt-off text-decoration-none text-strikethrough-none\">R\u00e8glement comptant pour toute PREMIERE commande et pour facture INFERIEURE A 150 \u20ac H.T.<\/span><\/p>\n<p class=\"cvGsUA direction-ltr align-start para-style-body\"><span class=\"OYPEnA font-feature-liga-off font-feature-clig-off font-feature-calt-off text-decoration-none text-strikethrough-none\">Les prix s&rsquo;entendent HORS TAXES d\u00e9part FLEVILLE.<\/span><\/p>\n<p>[\/et_pb_text][\/et_pb_column][\/et_pb_row][\/et_pb_section]<\/p>\n","protected":false},"excerpt":{"rendered":"<p>CONDITIONS GENERALES DE VENTE ESPACE INOX1-COMMANDES Sauf d\u00e9rogation \u00e9crite de notre part, toute commande emporte de plein droit l&rsquo;adh\u00e9sion sans r\u00e9serve de l&rsquo;acheteur \u00e0 nos conditions et sa renonciation \u00e0 toutes les stipulations qui pourraient \u00eatre imprim\u00e9es sur ses commandes ou sa correspondance. Toute commande doit \u00eatre faite par \u00e9crit, soit par bordereau, soit par [&hellip;]<\/p>\n","protected":false},"author":1,"featured_media":0,"parent":0,"menu_order":0,"comment_status":"closed","ping_status":"closed","template":"","meta":{"_et_pb_use_builder":"on","_et_pb_old_content":"","_et_gb_content_width":"","footnotes":""},"class_list":["post-884","page","type-page","status-publish","hentry"],"_links":{"self":[{"href":"https:\/\/espace-inox.com\/index.php\/wp-json\/wp\/v2\/pages\/884","targetHints":{"allow":["GET"]}}],"collection":[{"href":"https:\/\/espace-inox.com\/index.php\/wp-json\/wp\/v2\/pages"}],"about":[{"href":"https:\/\/espace-inox.com\/index.php\/wp-json\/wp\/v2\/types\/page"}],"author":[{"embeddable":true,"href":"https:\/\/espace-inox.com\/index.php\/wp-json\/wp\/v2\/users\/1"}],"replies":[{"embeddable":true,"href":"https:\/\/espace-inox.com\/index.php\/wp-json\/wp\/v2\/comments?post=884"}],"version-history":[{"count":2,"href":"https:\/\/espace-inox.com\/index.php\/wp-json\/wp\/v2\/pages\/884\/revisions"}],"predecessor-version":[{"id":887,"href":"https:\/\/espace-inox.com\/index.php\/wp-json\/wp\/v2\/pages\/884\/revisions\/887"}],"wp:attachment":[{"href":"https:\/\/espace-inox.com\/index.php\/wp-json\/wp\/v2\/media?parent=884"}],"curies":[{"name":"wp","href":"https:\/\/api.w.org\/{rel}","templated":true}]}}